{"id":2289,"date":"2022-09-27T14:34:16","date_gmt":"2022-09-27T12:34:16","guid":{"rendered":"https:\/\/www.camping-levaldelarre.com\/camping-piscine-chauffee-vigan\/"},"modified":"2026-03-18T18:27:10","modified_gmt":"2026-03-18T17:27:10","slug":"camping-schwimmbad-heisse-vigan","status":"publish","type":"page","link":"https:\/\/www.camping-levaldelarre.com\/de\/camping-schwimmbad-heisse-vigan\/","title":{"rendered":"Piscine"},"content":{"rendered":"<section id=\"ls-section-block_867b5b821593d18ce36f082fed57b53c\" class=\"ls-section  home-first page-one has-p-b p-b-15\" >\r\n        <div class=\"container container--wide\">\r\n        \n\n<div class=\"wp-block-columns is-layout-flex wp-container-core-columns-is-layout-9d6595d7 wp-block-columns-is-layout-flex\">\n<div class=\"wp-block-column is-layout-flow wp-block-column-is-layout-flow\" style=\"flex-basis:25%\">\n<div class=\"wp-block-columns m-b-2 animated fadeInDown slow is-layout-flex wp-container-core-columns-is-layout-9d6595d7 wp-block-columns-is-layout-flex\">\n<div class=\"wp-block-column column-bienvenue has-color-1-background-color has-background is-layout-flow wp-block-column-is-layout-flow\">\n<div id=\"ls-heading ls-titre-div-block_9b398633d79a6994b1caaa498d306190\" class=\"ls-titre-div h3-like has-text-color has-color-white-color\" >\n    Das Schwimmbad des Campingplatzes <strong>Le Val de l&#8217;Arre !<\/strong><\/div>\n\n\n\n<figure class=\"wp-block-image size-full\"><img loading=\"lazy\" decoding=\"async\" width=\"320\" height=\"110\" src=\"https:\/\/www.camping-levaldelarre.com\/wp-content\/uploads\/2022\/09\/camping-le-val-de-l-arre.png\" alt=\"camping avec piscine gard\" class=\"wp-image-311\" srcset=\"https:\/\/www.camping-levaldelarre.com\/wp-content\/uploads\/2022\/09\/camping-le-val-de-l-arre.png 320w, https:\/\/www.camping-levaldelarre.com\/wp-content\/uploads\/2022\/09\/camping-le-val-de-l-arre-300x103.png 300w\" sizes=\"auto, (max-width: 320px) 100vw, 320px\" \/><\/figure>\n<\/div>\n<\/div>\n\n\n\n<figure class=\"wp-block-image size-full animated fadeInLeft delay-200ms slow\"><a href=\"https:\/\/www.camping-levaldelarre.com\/wp-content\/uploads\/2022\/11\/camping-piscine-chauffee-gard.jpg\"><img loading=\"lazy\" decoding=\"async\" width=\"600\" height=\"707\" src=\"https:\/\/www.camping-levaldelarre.com\/wp-content\/uploads\/2022\/11\/camping-piscine-chauffee-gard.jpg\" alt=\"camping piscine chauffee gard\" class=\"wp-image-1337\" srcset=\"https:\/\/www.camping-levaldelarre.com\/wp-content\/uploads\/2022\/11\/camping-piscine-chauffee-gard.jpg 600w, https:\/\/www.camping-levaldelarre.com\/wp-content\/uploads\/2022\/11\/camping-piscine-chauffee-gard-255x300.jpg 255w\" sizes=\"auto, (max-width: 600px) 100vw, 600px\" \/><\/a><\/figure>\n<\/div>\n\n\n\n<div class=\"wp-block-column home-first__principal is-layout-flow wp-block-column-is-layout-flow\" style=\"flex-basis:75%\">\n<figure class=\"wp-block-image size-full animated fadeInRight delay-100ms slow\"><a href=\"https:\/\/www.camping-levaldelarre.com\/wp-content\/uploads\/2022\/10\/val-de-larre-2025-008.jpg\"><img loading=\"lazy\" decoding=\"async\" width=\"7685\" height=\"5003\" src=\"https:\/\/www.camping-levaldelarre.com\/wp-content\/uploads\/2022\/10\/val-de-larre-2025-008.jpg\" alt=\"\" class=\"wp-image-3039\" srcset=\"https:\/\/www.camping-levaldelarre.com\/wp-content\/uploads\/2022\/10\/val-de-larre-2025-008.jpg 7685w, https:\/\/www.camping-levaldelarre.com\/wp-content\/uploads\/2022\/10\/val-de-larre-2025-008-300x195.jpg 300w, https:\/\/www.camping-levaldelarre.com\/wp-content\/uploads\/2022\/10\/val-de-larre-2025-008-1024x667.jpg 1024w, https:\/\/www.camping-levaldelarre.com\/wp-content\/uploads\/2022\/10\/val-de-larre-2025-008-768x500.jpg 768w, https:\/\/www.camping-levaldelarre.com\/wp-content\/uploads\/2022\/10\/val-de-larre-2025-008-1536x1000.jpg 1536w\" sizes=\"auto, (max-width: 7685px) 100vw, 7685px\" \/><\/a><\/figure>\n\n\n\n<h1 class=\"ls__heading wp-block-heading has-color-1-color has-text-color\">Entspannungsmoment in unserem Wasserpark in Le Vigan<\/h1>\n\n\n\n<h2 class=\"ls__heading wp-block-heading has-color-2-color has-text-color\">Ihr Schwimmen in unserem Freibad<\/h2>\n\n\n\n<p class=\"ls-paragraph\">Verbringen Sie einen Urlaub voller Entspannung in der N\u00e4he von Le Vigan im Departement Gard auf unserem Campingplatz mit Wasserpark in Le Vigan.<\/p>\n\n\n\n<p class=\"ls-paragraph\">Das Freibad ist von Mitte Mai bis Ende September t\u00e4glich ab 10 Uhr ge\u00f6ffnet, damit Sie es auch bei der R\u00fcckkehr von Ausfl\u00fcgen und Besichtigungen nutzen k\u00f6nnen.<\/p>\n\n\n\n<p class=\"ls-paragraph\">In unserem Wasserpark gibt es keine lauten Wasserspiele, keine Rutschen und keine Wassergymnastikkurse, sondern den ganzen Tag lang nur Baden und Schwimmen in v\u00f6lliger Freiheit. Am Beckenrand laden Sonnenliegen dazu ein, zwischen zwei Tauchg\u00e4ngen die Br\u00e4une zu verfeinern.<\/p>\n<\/div>\n<\/div>\n\n\r\n    <\/div>\r\n<\/section>\n\n<section id=\"ls-section-block_6b38ad0fa7df7bfcfc70116c83b91585\" class=\"ls-section  home-fourth m-t-0 page-two p-t-10 has-background has-color-3-background-color has-m-b m-b-0 has-p-t p-t-15 has-p-b p-b-20\" >\r\n        <div class=\"container container--wide\">\r\n        \n\n<div class=\"wp-block-columns is-layout-flex wp-container-core-columns-is-layout-9d6595d7 wp-block-columns-is-layout-flex\">\n<div class=\"wp-block-column animated fadeInLeft slow is-layout-flow wp-block-column-is-layout-flow\" style=\"flex-basis:66.66%\">\n<figure class=\"wp-block-image size-full is-resized\"><img loading=\"lazy\" decoding=\"async\" width=\"2560\" height=\"1884\" src=\"https:\/\/www.camping-levaldelarre.com\/wp-content\/uploads\/2022\/10\/val-de-larre-2025-018-scaled.jpg\" alt=\"\" class=\"wp-image-3043\" style=\"width:859px;height:auto\" srcset=\"https:\/\/www.camping-levaldelarre.com\/wp-content\/uploads\/2022\/10\/val-de-larre-2025-018-scaled.jpg 2560w, https:\/\/www.camping-levaldelarre.com\/wp-content\/uploads\/2022\/10\/val-de-larre-2025-018-300x221.jpg 300w, https:\/\/www.camping-levaldelarre.com\/wp-content\/uploads\/2022\/10\/val-de-larre-2025-018-1024x754.jpg 1024w, https:\/\/www.camping-levaldelarre.com\/wp-content\/uploads\/2022\/10\/val-de-larre-2025-018-768x565.jpg 768w, https:\/\/www.camping-levaldelarre.com\/wp-content\/uploads\/2022\/10\/val-de-larre-2025-018-1536x1130.jpg 1536w, https:\/\/www.camping-levaldelarre.com\/wp-content\/uploads\/2022\/10\/val-de-larre-2025-018-2048x1507.jpg 2048w\" sizes=\"auto, (max-width: 2560px) 100vw, 2560px\" \/><\/figure>\n<\/div>\n\n\n\n<div class=\"wp-block-column is-vertically-aligned-center animated fadeInRight delay-200ms slow is-layout-flow wp-block-column-is-layout-flow\" style=\"flex-basis:33.33%\">\n<h2 class=\"ls__heading wp-block-heading has-color-2-color has-text-color\">Ihre Kinder machen ihre ersten Schritte im Planschbecken<\/h2>\n\n\n\n<p class=\"ls-paragraph\">Mit seinem einladenden Planschbecken verspricht der Wasserbereich unseres Campingplatzes im Gard Ihren j\u00fcngsten Kindern viele Stunden Spa\u00df im Wasser.<\/p>\n\n\n\n<p class=\"ls-paragraph\">Die Wahl eines Campingplatzes mit Wasserpark in Le Vigan ist ideal, wenn Sie mit der ganzen Familie unterwegs sind: W\u00e4hrend die Gr\u00f6\u00dferen sich im beheizten Au\u00dfenpool vergn\u00fcgen, k\u00f6nnen die Kleinen in einem eigens f\u00fcr sie angelegten Becken die Freuden des Wassers entdecken.<\/p>\n\n\n\n<p class=\"ls-paragraph\">Wenn du auf sie aufpasst und mit ihnen planschst, hast du alle Zeit der Welt, um deine Br\u00e4une zu perfektionieren!<\/p>\n<\/div>\n<\/div>\n\n\n\n<div class=\"wp-block-columns column-emplacements m-t-7 is-layout-flex wp-container-core-columns-is-layout-9d6595d7 wp-block-columns-is-layout-flex\">\n<div class=\"wp-block-column is-vertically-aligned-center animated fadeInLeft slow is-layout-flow wp-block-column-is-layout-flow\" style=\"flex-basis:33.33%\">\n<h2 class=\"ls__heading wp-block-heading has-color-2-color has-text-color\" id=\"m-t-10\">Ihre sch\u00f6nste Br\u00e4une auf den Liegest\u00fchlen am Rand des Pools<\/h2>\n\n\n\n<p class=\"ls-paragraph\">Haben Sie Lust, w\u00e4hrend Ihres Urlaubs im Gard am Wasser zu faulenzen?<\/p>\n\n\n\n<p class=\"ls-paragraph\">Auf unserem Campingplatz mit Wasserbereich in Le Vigan sind die Becken von einem angenehmen Strand mit Liegest\u00fchlen ges\u00e4umt.<\/p>\n\n\n\n<p class=\"ls-paragraph\">Es gibt auch Sessel, sodass Sie die Wahl haben zwischen einem Nickerchen in der Sonne oder einer bequemen Position, um Ihren Kindern beim Spielen zuzusehen.<\/p>\n\n\n\n<p class=\"ls-paragraph\">Ob im Schatten oder in der Sonne, machen Sie es sich zwischen zwei Schwimmen im beheizten Pool bequem, um sich zu sonnen oder einfach nur auszuruhen.<\/p>\n<\/div>\n\n\n\n<div class=\"wp-block-column animated fadeInRight delay-100ms slow is-layout-flow wp-block-column-is-layout-flow\" style=\"flex-basis:66.66%\">\n<figure class=\"wp-block-image size-full\"><img loading=\"lazy\" decoding=\"async\" width=\"854\" height=\"569\" src=\"https:\/\/www.camping-levaldelarre.com\/wp-content\/uploads\/2022\/11\/camping-espace-aquatique-gard.jpg\" alt=\"camping espace aquatique gard\" class=\"wp-image-1315\" srcset=\"https:\/\/www.camping-levaldelarre.com\/wp-content\/uploads\/2022\/11\/camping-espace-aquatique-gard.jpg 854w, https:\/\/www.camping-levaldelarre.com\/wp-content\/uploads\/2022\/11\/camping-espace-aquatique-gard-300x200.jpg 300w, https:\/\/www.camping-levaldelarre.com\/wp-content\/uploads\/2022\/11\/camping-espace-aquatique-gard-768x512.jpg 768w\" sizes=\"auto, (max-width: 854px) 100vw, 854px\" \/><\/figure>\n<\/div>\n<\/div>\n\n\r\n    <\/div>\r\n<\/section>\n\n<section id=\"riviere\" class=\"ls-section  page-four has-background-image has-parallax has-m-t m-t-0 has-m-b m-b-10 has-p-t p-t-20 has-p-b p-b-5\" >\r\n    <div class=\"ls-section__background-image opacity-100\"><img decoding=\"async\" src=\"https:\/\/www.camping-levaldelarre.com\/wp-content\/uploads\/2026\/03\/val-arre-2022-171.jpg\" alt=\"\"><\/div>    <div class=\"container container--small\">\r\n        \n\n<h2 class=\"ls__heading wp-block-heading has-text-align-center has-color-2-color has-text-color\">Campingplatz am Ufer des Flusses L&#8217;Arre<\/h2>\n\n\n\n<p class=\"ls-paragraph\">Wenn Sie ins Val de l&#8217;Arre kommen, buchen Sie einen Urlaub im Zeichen des Wassers auf einem Campingplatz mit Wasserbereich und Zugang zum Fluss!&nbsp;<\/p>\n\n\n\n<p class=\"ls-paragraph\">Das 4 Hektar gro\u00dfe, baumbestandene Gel\u00e4nde unseres <a href=\"\/de\/\">4-Sterne-Campingplatzes in Le Vigan<\/a> verl\u00e4uft entlang des Flusses L&#8217;Arre. Das Wasser ist \u00fcber die gesamte L\u00e4nge des Flusses zug\u00e4nglich und l\u00e4dt zum Schwimmen, Angeln und zu lustigen Spielen mit Schwimmreifen und aufblasbaren Booten ein. In den ruhigen Gew\u00e4ssern kann man sich auch auf einer Luftmatratze sonnen!<\/p>\n\n\n\n<p class=\"ls-paragraph\">In der N\u00e4he des Campingplatzes k\u00f6nnen Sie Kanufahrten unternehmen, und auch in der Umgebung gibt es Badespots, die wir Ihnen gerne zeigen k\u00f6nnen.<\/p>\n\n\r\n    <\/div>\r\n<\/section>\n\n<section id=\"ls-section-block_1a67139a2ee506964b7aae674411434a\" class=\"ls-section  home-third m-t-0 page-five\" >\r\n        <div class=\"container container--wide\">\r\n        \n\n<div id=\"ls-heading ls-titre-div-block_86465023e0154b1e05472b94989b7048\" class=\"ls-titre-div aligncenter h2-like has-text-color has-color-2-color\" >\n    Entdecken Sie die Aktivit\u00e4ten und Vermietungen des Campingplatzes<\/div>\n\n\n<div id=\"ls-maillage-block_ec20efe18307869f75147c4ff3e7ffaf\" class=\"ls-maillage cta-style-normal\" data-rows=\"3\">\r\n    <div class=\"wp-block-columns\"><div class=\"wp-block-column\"><div class=\"ls-cta\">\n\n<a href=\"https:\/\/www.camping-levaldelarre.com\/de\/camping-animations-vigan\/\" target=\"\" rel=\"noopener\" class=\"ls-cta__link\">\n\n\t<div class=\"ls-cta__image\"><img decoding=\"async\" src=\"https:\/\/www.camping-levaldelarre.com\/wp-content\/uploads\/2022\/11\/camping-activite-gard.jpg\" alt=\"camping activite gard\"><\/div>\n\t<div class=\"ls-cta__title\">\n\t\tUnsere Animationen\t<\/div>\n\n\t\n\t<span class=\"val-de-l-arre-fleche\"><\/span>\n\t\n<\/a><\/div><\/div><div class=\"wp-block-column\"><div class=\"ls-cta\">\n\n<a href=\"https:\/\/www.camping-levaldelarre.com\/de\/vermietung-standort-vigan\/\" target=\"\" rel=\"noopener\" class=\"ls-cta__link\">\n\n\t<div class=\"ls-cta__image\"><img decoding=\"async\" src=\"https:\/\/www.camping-levaldelarre.com\/wp-content\/uploads\/2022\/11\/location-emplacement-caravane-vigan.jpg\" alt=\"location emplacement caravane vigan\"><\/div>\n\t<div class=\"ls-cta__title\">\n\t\tUnsere Standorte\t<\/div>\n\n\t\n\t<span class=\"val-de-l-arre-fleche\"><\/span>\n\t\n<\/a><\/div><\/div><div class=\"wp-block-column\"><div class=\"ls-cta\">\n\n<a href=\"https:\/\/www.camping-levaldelarre.com\/de\/vermietung-mobil-home-vigan\/\" target=\"\" rel=\"noopener\" class=\"ls-cta__link\">\n\n\t<div class=\"ls-cta__image\"><img decoding=\"async\" src=\"https:\/\/www.camping-levaldelarre.com\/wp-content\/uploads\/2022\/11\/location-mobil-home-gard.jpg\" alt=\"location mobil home gard\"><\/div>\n\t<div class=\"ls-cta__title\">\n\t\tUnsere Mobilheime\t<\/div>\n\n\t\n\t<span class=\"val-de-l-arre-fleche\"><\/span>\n\t\n<\/a><\/div><\/div><\/div><\/div>\n\r\n    <\/div>\r\n<\/section>","protected":false},"excerpt":{"rendered":"","protected":false},"author":1,"featured_media":3069,"parent":0,"menu_order":0,"comment_status":"closed","ping_status":"closed","template":"","meta":{"_acf_changed":false,"footnotes":""},"sujet":[],"class_list":["post-2289","page","type-page","status-publish","has-post-thumbnail","hentry"],"acf":[],"yoast_head":"<!-- This site is optimized with the Yoast SEO plugin v25.3 - https:\/\/yoast.com\/wordpress\/plugins\/seo\/ -->\n<title>Campingplatz beheiztes Schwimmbad in Le Vigan | Wasserraum Gard<\/title>\n<meta name=\"robots\" content=\"index, follow, max-snippet:-1, max-image-preview:large, max-video-preview:-1\" \/>\n<link rel=\"canonical\" href=\"https:\/\/www.camping-levaldelarre.com\/de\/camping-schwimmbad-heisse-vigan\/\" \/>\n<meta property=\"og:locale\" content=\"de_DE\" \/>\n<meta property=\"og:type\" content=\"article\" \/>\n<meta property=\"og:title\" content=\"Campingplatz beheiztes Schwimmbad in Le Vigan | Wasserraum Gard\" \/>\n<meta property=\"og:url\" content=\"https:\/\/www.camping-levaldelarre.com\/de\/camping-schwimmbad-heisse-vigan\/\" \/>\n<meta property=\"og:site_name\" content=\"Le Val de l&#039;Arre\" \/>\n<meta property=\"article:modified_time\" content=\"2026-03-18T17:27:10+00:00\" \/>\n<meta property=\"og:image\" content=\"https:\/\/www.camping-levaldelarre.com\/wp-content\/uploads\/2022\/10\/val-de-larre-2025-005-1024x658.jpg\" \/>\n\t<meta property=\"og:image:width\" content=\"1024\" \/>\n\t<meta property=\"og:image:height\" content=\"658\" \/>\n\t<meta property=\"og:image:type\" content=\"image\/jpeg\" \/>\n<meta name=\"twitter:card\" content=\"summary_large_image\" \/>\n<meta name=\"twitter:label1\" content=\"Gesch\u00e4tzte Lesezeit\" \/>\n\t<meta name=\"twitter:data1\" content=\"4\u00a0Minuten\" \/>\n<script type=\"application\/ld+json\" class=\"yoast-schema-graph\">{\"@context\":\"https:\/\/schema.org\",\"@graph\":[{\"@type\":\"WebPage\",\"@id\":\"https:\/\/www.camping-levaldelarre.com\/de\/camping-schwimmbad-heisse-vigan\/\",\"url\":\"https:\/\/www.camping-levaldelarre.com\/de\/camping-schwimmbad-heisse-vigan\/\",\"name\":\"Campingplatz beheiztes Schwimmbad in Le Vigan | Wasserraum Gard\",\"isPartOf\":{\"@id\":\"https:\/\/www.camping-levaldelarre.com\/#website\"},\"primaryImageOfPage\":{\"@id\":\"https:\/\/www.camping-levaldelarre.com\/de\/camping-schwimmbad-heisse-vigan\/#primaryimage\"},\"image\":{\"@id\":\"https:\/\/www.camping-levaldelarre.com\/de\/camping-schwimmbad-heisse-vigan\/#primaryimage\"},\"thumbnailUrl\":\"https:\/\/www.camping-levaldelarre.com\/wp-content\/uploads\/2022\/10\/val-de-larre-2025-005.jpg\",\"datePublished\":\"2022-09-27T12:34:16+00:00\",\"dateModified\":\"2026-03-18T17:27:10+00:00\",\"breadcrumb\":{\"@id\":\"https:\/\/www.camping-levaldelarre.com\/de\/camping-schwimmbad-heisse-vigan\/#breadcrumb\"},\"inLanguage\":\"de\",\"potentialAction\":[{\"@type\":\"ReadAction\",\"target\":[\"https:\/\/www.camping-levaldelarre.com\/de\/camping-schwimmbad-heisse-vigan\/\"]}]},{\"@type\":\"ImageObject\",\"inLanguage\":\"de\",\"@id\":\"https:\/\/www.camping-levaldelarre.com\/de\/camping-schwimmbad-heisse-vigan\/#primaryimage\",\"url\":\"https:\/\/www.camping-levaldelarre.com\/wp-content\/uploads\/2022\/10\/val-de-larre-2025-005.jpg\",\"contentUrl\":\"https:\/\/www.camping-levaldelarre.com\/wp-content\/uploads\/2022\/10\/val-de-larre-2025-005.jpg\",\"width\":8053,\"height\":5171},{\"@type\":\"BreadcrumbList\",\"@id\":\"https:\/\/www.camping-levaldelarre.com\/de\/camping-schwimmbad-heisse-vigan\/#breadcrumb\",\"itemListElement\":[{\"@type\":\"ListItem\",\"position\":1,\"name\":\"Camping Gard\",\"item\":\"https:\/\/www.camping-levaldelarre.com\/de\/\"},{\"@type\":\"ListItem\",\"position\":2,\"name\":\"Campingplatz mit Wasserbereich im Gard\"}]},{\"@type\":\"WebSite\",\"@id\":\"https:\/\/www.camping-levaldelarre.com\/#website\",\"url\":\"https:\/\/www.camping-levaldelarre.com\/\",\"name\":\"Le Val de l&#039;Arre\",\"description\":\"\",\"publisher\":{\"@id\":\"https:\/\/www.camping-levaldelarre.com\/#organization\"},\"potentialAction\":[{\"@type\":\"SearchAction\",\"target\":{\"@type\":\"EntryPoint\",\"urlTemplate\":\"https:\/\/www.camping-levaldelarre.com\/?s={search_term_string}\"},\"query-input\":{\"@type\":\"PropertyValueSpecification\",\"valueRequired\":true,\"valueName\":\"search_term_string\"}}],\"inLanguage\":\"de\"},{\"@type\":\"Organization\",\"@id\":\"https:\/\/www.camping-levaldelarre.com\/#organization\",\"name\":\"Le Val de l&#039;Arre\",\"url\":\"https:\/\/www.camping-levaldelarre.com\/\",\"logo\":{\"@type\":\"ImageObject\",\"inLanguage\":\"de\",\"@id\":\"https:\/\/www.camping-levaldelarre.com\/#\/schema\/logo\/image\/\",\"url\":\"https:\/\/www.camping-levaldelarre.com\/wp-content\/uploads\/2022\/10\/logo-le-val-de-l-arre.jpg\",\"contentUrl\":\"https:\/\/www.camping-levaldelarre.com\/wp-content\/uploads\/2022\/10\/logo-le-val-de-l-arre.jpg\",\"width\":370,\"height\":180,\"caption\":\"Le Val de l&#039;Arre\"},\"image\":{\"@id\":\"https:\/\/www.camping-levaldelarre.com\/#\/schema\/logo\/image\/\"}}]}<\/script>\n<!-- \/ Yoast SEO plugin. -->","yoast_head_json":{"title":"Campingplatz beheiztes Schwimmbad in Le Vigan | Wasserraum Gard","robots":{"index":"index","follow":"follow","max-snippet":"max-snippet:-1","max-image-preview":"max-image-preview:large","max-video-preview":"max-video-preview:-1"},"canonical":"https:\/\/www.camping-levaldelarre.com\/de\/camping-schwimmbad-heisse-vigan\/","og_locale":"de_DE","og_type":"article","og_title":"Campingplatz beheiztes Schwimmbad in Le Vigan | Wasserraum Gard","og_url":"https:\/\/www.camping-levaldelarre.com\/de\/camping-schwimmbad-heisse-vigan\/","og_site_name":"Le Val de l&#039;Arre","article_modified_time":"2026-03-18T17:27:10+00:00","og_image":[{"width":1024,"height":658,"url":"https:\/\/www.camping-levaldelarre.com\/wp-content\/uploads\/2022\/10\/val-de-larre-2025-005-1024x658.jpg","type":"image\/jpeg"}],"twitter_card":"summary_large_image","twitter_misc":{"Gesch\u00e4tzte Lesezeit":"4\u00a0Minuten"},"schema":{"@context":"https:\/\/schema.org","@graph":[{"@type":"WebPage","@id":"https:\/\/www.camping-levaldelarre.com\/de\/camping-schwimmbad-heisse-vigan\/","url":"https:\/\/www.camping-levaldelarre.com\/de\/camping-schwimmbad-heisse-vigan\/","name":"Campingplatz beheiztes Schwimmbad in Le Vigan | Wasserraum Gard","isPartOf":{"@id":"https:\/\/www.camping-levaldelarre.com\/#website"},"primaryImageOfPage":{"@id":"https:\/\/www.camping-levaldelarre.com\/de\/camping-schwimmbad-heisse-vigan\/#primaryimage"},"image":{"@id":"https:\/\/www.camping-levaldelarre.com\/de\/camping-schwimmbad-heisse-vigan\/#primaryimage"},"thumbnailUrl":"https:\/\/www.camping-levaldelarre.com\/wp-content\/uploads\/2022\/10\/val-de-larre-2025-005.jpg","datePublished":"2022-09-27T12:34:16+00:00","dateModified":"2026-03-18T17:27:10+00:00","breadcrumb":{"@id":"https:\/\/www.camping-levaldelarre.com\/de\/camping-schwimmbad-heisse-vigan\/#breadcrumb"},"inLanguage":"de","potentialAction":[{"@type":"ReadAction","target":["https:\/\/www.camping-levaldelarre.com\/de\/camping-schwimmbad-heisse-vigan\/"]}]},{"@type":"ImageObject","inLanguage":"de","@id":"https:\/\/www.camping-levaldelarre.com\/de\/camping-schwimmbad-heisse-vigan\/#primaryimage","url":"https:\/\/www.camping-levaldelarre.com\/wp-content\/uploads\/2022\/10\/val-de-larre-2025-005.jpg","contentUrl":"https:\/\/www.camping-levaldelarre.com\/wp-content\/uploads\/2022\/10\/val-de-larre-2025-005.jpg","width":8053,"height":5171},{"@type":"BreadcrumbList","@id":"https:\/\/www.camping-levaldelarre.com\/de\/camping-schwimmbad-heisse-vigan\/#breadcrumb","itemListElement":[{"@type":"ListItem","position":1,"name":"Camping Gard","item":"https:\/\/www.camping-levaldelarre.com\/de\/"},{"@type":"ListItem","position":2,"name":"Campingplatz mit Wasserbereich im Gard"}]},{"@type":"WebSite","@id":"https:\/\/www.camping-levaldelarre.com\/#website","url":"https:\/\/www.camping-levaldelarre.com\/","name":"Le Val de l&#039;Arre","description":"","publisher":{"@id":"https:\/\/www.camping-levaldelarre.com\/#organization"},"potentialAction":[{"@type":"SearchAction","target":{"@type":"EntryPoint","urlTemplate":"https:\/\/www.camping-levaldelarre.com\/?s={search_term_string}"},"query-input":{"@type":"PropertyValueSpecification","valueRequired":true,"valueName":"search_term_string"}}],"inLanguage":"de"},{"@type":"Organization","@id":"https:\/\/www.camping-levaldelarre.com\/#organization","name":"Le Val de l&#039;Arre","url":"https:\/\/www.camping-levaldelarre.com\/","logo":{"@type":"ImageObject","inLanguage":"de","@id":"https:\/\/www.camping-levaldelarre.com\/#\/schema\/logo\/image\/","url":"https:\/\/www.camping-levaldelarre.com\/wp-content\/uploads\/2022\/10\/logo-le-val-de-l-arre.jpg","contentUrl":"https:\/\/www.camping-levaldelarre.com\/wp-content\/uploads\/2022\/10\/logo-le-val-de-l-arre.jpg","width":370,"height":180,"caption":"Le Val de l&#039;Arre"},"image":{"@id":"https:\/\/www.camping-levaldelarre.com\/#\/schema\/logo\/image\/"}}]}},"_links":{"self":[{"href":"https:\/\/www.camping-levaldelarre.com\/de\/wp-json\/wp\/v2\/pages\/2289","targetHints":{"allow":["GET"]}}],"collection":[{"href":"https:\/\/www.camping-levaldelarre.com\/de\/wp-json\/wp\/v2\/pages"}],"about":[{"href":"https:\/\/www.camping-levaldelarre.com\/de\/wp-json\/wp\/v2\/types\/page"}],"author":[{"embeddable":true,"href":"https:\/\/www.camping-levaldelarre.com\/de\/wp-json\/wp\/v2\/users\/1"}],"replies":[{"embeddable":true,"href":"https:\/\/www.camping-levaldelarre.com\/de\/wp-json\/wp\/v2\/comments?post=2289"}],"version-history":[{"count":11,"href":"https:\/\/www.camping-levaldelarre.com\/de\/wp-json\/wp\/v2\/pages\/2289\/revisions"}],"predecessor-version":[{"id":3263,"href":"https:\/\/www.camping-levaldelarre.com\/de\/wp-json\/wp\/v2\/pages\/2289\/revisions\/3263"}],"wp:featuredmedia":[{"embeddable":true,"href":"https:\/\/www.camping-levaldelarre.com\/de\/wp-json\/wp\/v2\/media\/3069"}],"wp:attachment":[{"href":"https:\/\/www.camping-levaldelarre.com\/de\/wp-json\/wp\/v2\/media?parent=2289"}],"wp:term":[{"taxonomy":"sujet","embeddable":true,"href":"https:\/\/www.camping-levaldelarre.com\/de\/wp-json\/wp\/v2\/sujet?post=2289"}],"curies":[{"name":"wp","href":"https:\/\/api.w.org\/{rel}","templated":true}]}}